{"id":18782,"date":"2025-08-29T13:10:05","date_gmt":"2025-08-29T11:10:05","guid":{"rendered":"https:\/\/www.cejoanmiro.cat\/senior\/"},"modified":"2025-09-01T11:39:57","modified_gmt":"2025-09-01T09:39:57","slug":"senior","status":"publish","type":"page","link":"https:\/\/www.cejoanmiro.cat\/es\/comunidades\/senior\/","title":{"rendered":"Senior"},"content":{"rendered":"<p>[et_pb_section fb_built=\u00bb1&#8243; fullwidth=\u00bbon\u00bb _builder_version=\u00bb4.27.4&#8243; _module_preset=\u00bbdefault\u00bb da_disable_devices=\u00bboff|off|off\u00bb global_colors_info=\u00bb{}\u00bb da_is_popup=\u00bboff\u00bb da_exit_intent=\u00bboff\u00bb da_has_close=\u00bbon\u00bb da_alt_close=\u00bboff\u00bb da_dark_close=\u00bboff\u00bb da_not_modal=\u00bbon\u00bb da_is_singular=\u00bboff\u00bb da_with_loader=\u00bboff\u00bb da_has_shadow=\u00bbon\u00bb][et_pb_fullwidth_header title=\u00bbSenior\u00bb subhead=\u00bbLa comunidad que se mueve y vive mejor\u00bb text_orientation=\u00bbcenter\u00bb header_fullscreen=\u00bbon\u00bb header_scroll_down=\u00bbon\u00bb scroll_down_icon_color=\u00bb#FFFFFF\u00bb scroll_down_icon_size=\u00bb34px\u00bb _builder_version=\u00bb4.27.4&#8243; _module_preset=\u00bbdefault\u00bb title_font=\u00bbUrbanist|700||on|||||\u00bb title_text_align=\u00bbcenter\u00bb title_font_size=\u00bb11em\u00bb content_font=\u00bbUrbanist||||||||\u00bb content_font_size=\u00bb22px\u00bb content_line_height=\u00bb1.3em\u00bb subhead_font=\u00bbUrbanist|700||on|||||\u00bb subhead_font_size=\u00bb33px\u00bb subhead_line_height=\u00bb1.5em\u00bb background_color=\u00bbrgba(0,0,0,0.43)\u00bb background_image=\u00bbhttps:\/\/www.cejoanmiro.cat\/wp-content\/uploads\/2025\/08\/fondo_classes_senior.webp\u00bb background_blend=\u00bboverlay\u00bb title_font_size_tablet=\u00bb11em\u00bb title_font_size_phone=\u00bb63px\u00bb title_font_size_last_edited=\u00bbon|phone\u00bb content_font_size_tablet=\u00bb22px\u00bb content_font_size_phone=\u00bb16px\u00bb content_font_size_last_edited=\u00bbon|phone\u00bb subhead_font_size_tablet=\u00bb37px\u00bb subhead_font_size_phone=\u00bb20px\u00bb subhead_font_size_last_edited=\u00bbon|phone\u00bb subhead_line_height_tablet=\u00bb1.1em\u00bb subhead_line_height_phone=\u00bb1.3em\u00bb subhead_line_height_last_edited=\u00bbon|phone\u00bb title_text_shadow_style=\u00bbpreset2&#8243; content_text_shadow_style=\u00bbpreset2&#8243; content_text_shadow_color=\u00bbrgba(0,0,0,0.87)\u00bb subhead_text_shadow_style=\u00bbpreset2&#8243; global_colors_info=\u00bb{}\u00bb]<\/p>\n<p class=\"p1\">Sesiones pensadas para cuidar el cuerpo, activar la mente y conectar con otras personas. La edad no es un l\u00edmite, es una oportunidad para seguir sumando. <\/p>\n<p>[\/et_pb_fullwidth_header][\/et_pb_section][et_pb_section fb_built=\u00bb1&#8243; _builder_version=\u00bb4.27.4&#8243; _module_preset=\u00bbdefault\u00bb background_color=\u00bb#deb6a7&#8243; custom_padding=\u00bb5px||5px||false|false\u00bb da_disable_devices=\u00bboff|off|off\u00bb global_colors_info=\u00bb{}\u00bb da_is_popup=\u00bboff\u00bb da_exit_intent=\u00bboff\u00bb da_has_close=\u00bbon\u00bb da_alt_close=\u00bboff\u00bb da_dark_close=\u00bboff\u00bb da_not_modal=\u00bbon\u00bb da_is_singular=\u00bboff\u00bb da_with_loader=\u00bboff\u00bb da_has_shadow=\u00bbon\u00bb][et_pb_row _builder_version=\u00bb4.27.4&#8243; _module_preset=\u00bbdefault\u00bb custom_padding=\u00bb0px||0px||false|false\u00bb global_colors_info=\u00bb{}\u00bb][et_pb_column type=\u00bb4_4&#8243; _builder_version=\u00bb4.27.4&#8243; _module_preset=\u00bbdefault\u00bb global_colors_info=\u00bb{}\u00bb][\/et_pb_column][\/et_pb_row][\/et_pb_section][et_pb_section fb_built=\u00bb1&#8243; _builder_version=\u00bb4.27.4&#8243; _module_preset=\u00bbdefault\u00bb background_color=\u00bb#000000&#8243; da_disable_devices=\u00bboff|off|off\u00bb global_colors_info=\u00bb{}\u00bb da_is_popup=\u00bboff\u00bb da_exit_intent=\u00bboff\u00bb da_has_close=\u00bbon\u00bb da_alt_close=\u00bboff\u00bb da_dark_close=\u00bboff\u00bb da_not_modal=\u00bbon\u00bb da_is_singular=\u00bboff\u00bb da_with_loader=\u00bboff\u00bb da_has_shadow=\u00bbon\u00bb][et_pb_row column_structure=\u00bb1_3,1_3,1_3&#8243; use_custom_gutter=\u00bbon\u00bb gutter_width=\u00bb2&#8243; _builder_version=\u00bb4.27.4&#8243; _module_preset=\u00bbdefault\u00bb global_colors_info=\u00bb{}\u00bb][et_pb_column type=\u00bb1_3&#8243; _builder_version=\u00bb4.27.4&#8243; _module_preset=\u00bbdefault\u00bb global_colors_info=\u00bb{}\u00bb][et_pb_toggle title=\u00bbFuerza Senior\u00bb open_toggle_background_color=\u00bb#000000&#8243; closed_toggle_background_color=\u00bb#000000&#8243; icon_color=\u00bb#FFFFFF\u00bb _builder_version=\u00bb4.27.4&#8243; _module_preset=\u00bbdefault\u00bb title_text_color=\u00bb#FFFFFF\u00bb title_level=\u00bbh3&#8243; title_font=\u00bbUrbanist|700||on|||||\u00bb title_text_align=\u00bbleft\u00bb title_font_size=\u00bb18px\u00bb title_line_height=\u00bb1.1em\u00bb body_font=\u00bbUrbanist||||||||\u00bb body_text_align=\u00bbleft\u00bb body_text_color=\u00bb#FFFFFF\u00bb body_font_size=\u00bb16px\u00bb background_enable_color=\u00bboff\u00bb custom_margin=\u00bb||10px||false|false\u00bb custom_padding=\u00bb10px||10px||true|false\u00bb custom_css_free_form=\u00bbimg{||  margin-top:10px;||}\u00bb global_colors_info=\u00bb{}\u00bb]<\/p>\n<p>La fuerza no tiene edad.<\/p>\n<p>Entrenament adaptat per a persones s\u00e8nior que volen viure activament, fortes i en bona companyia. Exercicis segurs, m\u00fasica motivadora i supervisi\u00f3 constant. <\/p>\n<p>Ven a entrenar lo que realmente importa: tu vitalidad<\/p>\n<p><img decoding=\"async\" class=\"wp-image-18529 size-full aligncenter\" src=\"https:\/\/www.cejoanmiro.cat\/wp-content\/uploads\/2025\/08\/Senior_forca_senior.webp\" alt=\"\" width=\"80%\" height=\"\"><\/p>\n<p>[\/et_pb_toggle][et_pb_toggle title=\u00bbGym Senior\u00bb open_toggle_background_color=\u00bb#000000&#8243; closed_toggle_background_color=\u00bb#000000&#8243; icon_color=\u00bb#FFFFFF\u00bb _builder_version=\u00bb4.27.4&#8243; _module_preset=\u00bbdefault\u00bb title_text_color=\u00bb#FFFFFF\u00bb title_level=\u00bbh3&#8243; title_font=\u00bbUrbanist|700||on|||||\u00bb title_text_align=\u00bbleft\u00bb title_font_size=\u00bb18px\u00bb title_line_height=\u00bb1.1em\u00bb body_font=\u00bbUrbanist||||||||\u00bb body_text_align=\u00bbleft\u00bb body_text_color=\u00bb#FFFFFF\u00bb body_font_size=\u00bb16px\u00bb background_enable_color=\u00bboff\u00bb custom_margin=\u00bb||10px||false|false\u00bb custom_padding=\u00bb10px||10px||true|false\u00bb custom_css_free_form=\u00bbimg{||  margin-top:10px;||}\u00bb global_colors_info=\u00bb{}\u00bb]<\/p>\n<p><strong>Mu\u00e9vete mejor, vive mejor.<\/strong><\/p>\n<p>Sessi\u00f3n de 45 minutos, adaptada a personas grandes, donde se trabaja el cuerpo, la mente y los v\u00edculos sociales. Ejercicios seguros, variados y en donde te guiamos paso a paso. . <\/p>\n<p>Entrena tu bienestar a cualquier edad.<\/p>\n<p><img decoding=\"async\" class=\"wp-image-18529 size-full aligncenter\" src=\"https:\/\/www.cejoanmiro.cat\/wp-content\/uploads\/2025\/08\/Senior_Gym.webp\" alt=\"\" width=\"80%\" height=\"\"><\/p>\n<p>[\/et_pb_toggle][et_pb_toggle title=\u00bbMarcha Senior\u00bb open_toggle_background_color=\u00bb#000000&#8243; closed_toggle_background_color=\u00bb#000000&#8243; icon_color=\u00bb#FFFFFF\u00bb _builder_version=\u00bb4.27.4&#8243; _module_preset=\u00bbdefault\u00bb title_text_color=\u00bb#FFFFFF\u00bb title_level=\u00bbh3&#8243; title_font=\u00bbUrbanist|700||on|||||\u00bb title_text_align=\u00bbleft\u00bb title_font_size=\u00bb18px\u00bb title_line_height=\u00bb1.1em\u00bb body_font=\u00bbUrbanist||||||||\u00bb body_text_align=\u00bbleft\u00bb body_text_color=\u00bb#FFFFFF\u00bb body_font_size=\u00bb16px\u00bb background_enable_color=\u00bboff\u00bb custom_margin=\u00bb||10px||false|false\u00bb custom_padding=\u00bb10px||10px||true|false\u00bb custom_css_free_form=\u00bbimg{||  margin-top:10px;||}\u00bb global_colors_info=\u00bb{}\u00bb]<\/p>\n<p>Caminar nunca hab\u00eda sido tan inspirador.<\/p>\n<p>Salidas semanales de marcha n\u00f3rdica a Montju\u00efc y de tanto en tanto a Collserola. A ritmo activo, en buena compa\u00f1\u00eday palos inclu\u00eddos. <\/p>\n<p>Salud, naturaleza y grupo. As\u00ed, si que se camina.  <\/p>\n<p><img decoding=\"async\" class=\"wp-image-18529 size-full aligncenter\" src=\"https:\/\/www.cejoanmiro.cat\/wp-content\/uploads\/2025\/08\/Senior_Marxa.webp\" alt=\"\" width=\"80%\" height=\"\"><\/p>\n<p>[\/et_pb_toggle][et_pb_toggle title=\u00bbMobility\u00bb open_toggle_background_color=\u00bb#000000&#8243; closed_toggle_background_color=\u00bb#000000&#8243; icon_color=\u00bb#FFFFFF\u00bb _builder_version=\u00bb4.27.4&#8243; _module_preset=\u00bbdefault\u00bb title_text_color=\u00bb#FFFFFF\u00bb title_level=\u00bbh3&#8243; title_font=\u00bbUrbanist|700||on|||||\u00bb title_text_align=\u00bbleft\u00bb title_font_size=\u00bb18px\u00bb title_line_height=\u00bb1.1em\u00bb body_font=\u00bbUrbanist||||||||\u00bb body_text_align=\u00bbleft\u00bb body_text_color=\u00bb#FFFFFF\u00bb body_font_size=\u00bb16px\u00bb background_enable_color=\u00bboff\u00bb custom_margin=\u00bb||10px||false|false\u00bb custom_padding=\u00bb10px||10px||true|false\u00bb custom_css_free_form=\u00bbimg{||  margin-top:10px;||}\u00bb global_colors_info=\u00bb{}\u00bb]Una sessi\u00f3 dissenyada per millorar la mobilitat i flexibilitat a trav\u00e9s dels principis del pilates.<\/p>\n<p>Adaptada per a persones grans, ajuda a mantenir un cos actiu, \u00e0gil i conscient.<\/p>\n<p>Respira, estira\u2019t i recupera el teu benestar amb control i suavitat.<\/p>\n<p><img decoding=\"async\" class=\"wp-image-18529 size-full aligncenter\" src=\"https:\/\/www.cejoanmiro.cat\/wp-content\/uploads\/2025\/08\/Senior_Mobility.webp\" alt=\"\" width=\"80%\" height=\"\">[\/et_pb_toggle][\/et_pb_column][et_pb_column type=\u00bb1_3&#8243; _builder_version=\u00bb4.27.4&#8243; _module_preset=\u00bbdefault\u00bb global_colors_info=\u00bb{}\u00bb][\/et_pb_column][et_pb_column type=\u00bb1_3&#8243; _builder_version=\u00bb4.27.4&#8243; _module_preset=\u00bbdefault\u00bb global_colors_info=\u00bb{}\u00bb][\/et_pb_column][\/et_pb_row][et_pb_row _builder_version=\u00bb4.27.4&#8243; _module_preset=\u00bbdefault\u00bb global_module=\u00bb18714&#8243; saved_tabs=\u00bball\u00bb global_colors_info=\u00bb{}\u00bb][et_pb_column type=\u00bb4_4&#8243; _builder_version=\u00bb4.27.4&#8243; _module_preset=\u00bbdefault\u00bb global_colors_info=\u00bb{}\u00bb][et_pb_text _builder_version=\u00bb4.27.4&#8243; _module_preset=\u00bbdefault\u00bb link_font=\u00bb|700|||||||\u00bb link_text_color=\u00bb#FFFFFF\u00bb background_layout=\u00bbdark\u00bb global_colors_info=\u00bb{}\u00bb]Comunitats:<br \/><a href=\"https:\/\/www.cejoanmiro.cat\/es\/comunidades\/team\/\">TEAM<\/a> | <a href=\"https:\/\/www.cejoanmiro.cat\/es\/comunidades\/stage\/\">STAGE<\/a> | <a href=\"https:\/\/www.cejoanmiro.cat\/es\/comunidades\/mind\/\">MIND<\/a> | <a href=\"https:\/\/www.cejoanmiro.cat\/comunitats\/agua\">AQUA<\/a> | <a href=\"https:\/\/www.cejoanmiro.cat\/es\/comunidades\/senior\/\">SENIOR<\/a>[\/et_pb_text][\/et_pb_column][\/et_pb_row][\/et_pb_section]<\/p>\n","protected":false},"excerpt":{"rendered":"<p>Sesiones pensadas para cuidar el cuerpo, activar la mente y conectar con otras personas. La edad no es un l\u00edmite, es una oportunidad para seguir sumando. La fuerza no tiene edad. Entrenament adaptat per a persones s\u00e8nior que volen viure activament, fortes i en bona companyia. Exercicis segurs, m\u00fasica motivadora i supervisi\u00f3 constant. Ven a [&hellip;]<\/p>\n","protected":false},"author":7,"featured_media":18601,"parent":18799,"menu_order":0,"comment_status":"closed","ping_status":"closed","template":"","meta":{"_et_pb_use_builder":"on","_et_pb_old_content":"","_et_gb_content_width":"","footnotes":""},"class_list":["post-18782","page","type-page","status-publish","has-post-thumbnail","hentry"],"yoast_head":"<!-- This site is optimized with the Yoast SEO plugin v25.2 - https:\/\/yoast.com\/wordpress\/plugins\/seo\/ -->\n<title>Senior - CEM Joan Mir\u00f3<\/title>\n<meta name=\"robots\" content=\"index, follow, max-snippet:-1, max-image-preview:large, max-video-preview:-1\" \/>\n<link rel=\"canonical\" href=\"https:\/\/www.cejoanmiro.cat\/es\/comunidades\/senior\/\" \/>\n<meta property=\"og:locale\" content=\"es_ES\" \/>\n<meta property=\"og:type\" content=\"article\" \/>\n<meta property=\"og:title\" content=\"Senior - CEM Joan Mir\u00f3\" \/>\n<meta property=\"og:description\" content=\"Sesiones pensadas para cuidar el cuerpo, activar la mente y conectar con otras personas. La edad no es un l\u00edmite, es una oportunidad para seguir sumando. La fuerza no tiene edad. Entrenament adaptat per a persones s\u00e8nior que volen viure activament, fortes i en bona companyia. Exercicis segurs, m\u00fasica motivadora i supervisi\u00f3 constant. Ven a [&hellip;]\" \/>\n<meta property=\"og:url\" content=\"https:\/\/www.cejoanmiro.cat\/es\/comunidades\/senior\/\" \/>\n<meta property=\"og:site_name\" content=\"CEM Joan Mir\u00f3\" \/>\n<meta property=\"article:publisher\" content=\"https:\/\/facebook.com\/cejoanmiro\" \/>\n<meta property=\"article:modified_time\" content=\"2025-09-01T09:39:57+00:00\" \/>\n<meta property=\"og:image\" content=\"https:\/\/www.cejoanmiro.cat\/wp-content\/uploads\/2025\/08\/fondo_classes_senior.webp\" \/>\n\t<meta property=\"og:image:width\" content=\"1920\" \/>\n\t<meta property=\"og:image:height\" content=\"1282\" \/>\n\t<meta property=\"og:image:type\" content=\"image\/webp\" \/>\n<meta name=\"twitter:card\" content=\"summary_large_image\" \/>\n<meta name=\"twitter:site\" content=\"@cejoanmiro\" \/>\n<meta name=\"twitter:label1\" content=\"Tiempo de lectura\" \/>\n\t<meta name=\"twitter:data1\" content=\"5 minutos\" \/>\n<script type=\"application\/ld+json\" class=\"yoast-schema-graph\">{\"@context\":\"https:\/\/schema.org\",\"@graph\":[{\"@type\":\"WebPage\",\"@id\":\"https:\/\/www.cejoanmiro.cat\/es\/comunidades\/senior\/\",\"url\":\"https:\/\/www.cejoanmiro.cat\/es\/comunidades\/senior\/\",\"name\":\"Senior - CEM Joan Mir\u00f3\",\"isPartOf\":{\"@id\":\"https:\/\/www.cejoanmiro.cat\/es\/#website\"},\"primaryImageOfPage\":{\"@id\":\"https:\/\/www.cejoanmiro.cat\/es\/comunidades\/senior\/#primaryimage\"},\"image\":{\"@id\":\"https:\/\/www.cejoanmiro.cat\/es\/comunidades\/senior\/#primaryimage\"},\"thumbnailUrl\":\"https:\/\/www.cejoanmiro.cat\/wp-content\/uploads\/2025\/08\/fondo_classes_senior.webp\",\"datePublished\":\"2025-08-29T11:10:05+00:00\",\"dateModified\":\"2025-09-01T09:39:57+00:00\",\"breadcrumb\":{\"@id\":\"https:\/\/www.cejoanmiro.cat\/es\/comunidades\/senior\/#breadcrumb\"},\"inLanguage\":\"es\",\"potentialAction\":[{\"@type\":\"ReadAction\",\"target\":[\"https:\/\/www.cejoanmiro.cat\/es\/comunidades\/senior\/\"]}]},{\"@type\":\"ImageObject\",\"inLanguage\":\"es\",\"@id\":\"https:\/\/www.cejoanmiro.cat\/es\/comunidades\/senior\/#primaryimage\",\"url\":\"https:\/\/www.cejoanmiro.cat\/wp-content\/uploads\/2025\/08\/fondo_classes_senior.webp\",\"contentUrl\":\"https:\/\/www.cejoanmiro.cat\/wp-content\/uploads\/2025\/08\/fondo_classes_senior.webp\",\"width\":1920,\"height\":1282},{\"@type\":\"BreadcrumbList\",\"@id\":\"https:\/\/www.cejoanmiro.cat\/es\/comunidades\/senior\/#breadcrumb\",\"itemListElement\":[{\"@type\":\"ListItem\",\"position\":1,\"name\":\"Inici\",\"item\":\"https:\/\/www.cejoanmiro.cat\/es\/home-3\/\"},{\"@type\":\"ListItem\",\"position\":2,\"name\":\"Comunidades\",\"item\":\"https:\/\/www.cejoanmiro.cat\/es\/comunidades\/\"},{\"@type\":\"ListItem\",\"position\":3,\"name\":\"Senior\"}]},{\"@type\":\"WebSite\",\"@id\":\"https:\/\/www.cejoanmiro.cat\/es\/#website\",\"url\":\"https:\/\/www.cejoanmiro.cat\/es\/\",\"name\":\"CEM Joan Mir\u00f3\",\"description\":\"El teu gimn\u00e0s a Barcelona\",\"publisher\":{\"@id\":\"https:\/\/www.cejoanmiro.cat\/es\/#organization\"},\"potentialAction\":[{\"@type\":\"SearchAction\",\"target\":{\"@type\":\"EntryPoint\",\"urlTemplate\":\"https:\/\/www.cejoanmiro.cat\/es\/?s={search_term_string}\"},\"query-input\":{\"@type\":\"PropertyValueSpecification\",\"valueRequired\":true,\"valueName\":\"search_term_string\"}}],\"inLanguage\":\"es\"},{\"@type\":\"Organization\",\"@id\":\"https:\/\/www.cejoanmiro.cat\/es\/#organization\",\"name\":\"CEM Joan Mir\u00f3\",\"url\":\"https:\/\/www.cejoanmiro.cat\/es\/\",\"logo\":{\"@type\":\"ImageObject\",\"inLanguage\":\"es\",\"@id\":\"https:\/\/www.cejoanmiro.cat\/es\/#\/schema\/logo\/image\/\",\"url\":\"https:\/\/www.cejoanmiro.cat\/wp-content\/uploads\/2021\/09\/Icono_cemJoanMiro.png\",\"contentUrl\":\"https:\/\/www.cejoanmiro.cat\/wp-content\/uploads\/2021\/09\/Icono_cemJoanMiro.png\",\"width\":512,\"height\":512,\"caption\":\"CEM Joan Mir\u00f3\"},\"image\":{\"@id\":\"https:\/\/www.cejoanmiro.cat\/es\/#\/schema\/logo\/image\/\"},\"sameAs\":[\"https:\/\/facebook.com\/cejoanmiro\",\"https:\/\/x.com\/cejoanmiro\",\"https:\/\/www.instagram.com\/cemjoanmiro\/\"]}]}<\/script>\n<!-- \/ Yoast SEO plugin. -->","yoast_head_json":{"title":"Senior - CEM Joan Mir\u00f3","robots":{"index":"index","follow":"follow","max-snippet":"max-snippet:-1","max-image-preview":"max-image-preview:large","max-video-preview":"max-video-preview:-1"},"canonical":"https:\/\/www.cejoanmiro.cat\/es\/comunidades\/senior\/","og_locale":"es_ES","og_type":"article","og_title":"Senior - CEM Joan Mir\u00f3","og_description":"Sesiones pensadas para cuidar el cuerpo, activar la mente y conectar con otras personas. La edad no es un l\u00edmite, es una oportunidad para seguir sumando. La fuerza no tiene edad. Entrenament adaptat per a persones s\u00e8nior que volen viure activament, fortes i en bona companyia. Exercicis segurs, m\u00fasica motivadora i supervisi\u00f3 constant. Ven a [&hellip;]","og_url":"https:\/\/www.cejoanmiro.cat\/es\/comunidades\/senior\/","og_site_name":"CEM Joan Mir\u00f3","article_publisher":"https:\/\/facebook.com\/cejoanmiro","article_modified_time":"2025-09-01T09:39:57+00:00","og_image":[{"width":1920,"height":1282,"url":"https:\/\/www.cejoanmiro.cat\/wp-content\/uploads\/2025\/08\/fondo_classes_senior.webp","type":"image\/webp"}],"twitter_card":"summary_large_image","twitter_site":"@cejoanmiro","twitter_misc":{"Tiempo de lectura":"5 minutos"},"schema":{"@context":"https:\/\/schema.org","@graph":[{"@type":"WebPage","@id":"https:\/\/www.cejoanmiro.cat\/es\/comunidades\/senior\/","url":"https:\/\/www.cejoanmiro.cat\/es\/comunidades\/senior\/","name":"Senior - CEM Joan Mir\u00f3","isPartOf":{"@id":"https:\/\/www.cejoanmiro.cat\/es\/#website"},"primaryImageOfPage":{"@id":"https:\/\/www.cejoanmiro.cat\/es\/comunidades\/senior\/#primaryimage"},"image":{"@id":"https:\/\/www.cejoanmiro.cat\/es\/comunidades\/senior\/#primaryimage"},"thumbnailUrl":"https:\/\/www.cejoanmiro.cat\/wp-content\/uploads\/2025\/08\/fondo_classes_senior.webp","datePublished":"2025-08-29T11:10:05+00:00","dateModified":"2025-09-01T09:39:57+00:00","breadcrumb":{"@id":"https:\/\/www.cejoanmiro.cat\/es\/comunidades\/senior\/#breadcrumb"},"inLanguage":"es","potentialAction":[{"@type":"ReadAction","target":["https:\/\/www.cejoanmiro.cat\/es\/comunidades\/senior\/"]}]},{"@type":"ImageObject","inLanguage":"es","@id":"https:\/\/www.cejoanmiro.cat\/es\/comunidades\/senior\/#primaryimage","url":"https:\/\/www.cejoanmiro.cat\/wp-content\/uploads\/2025\/08\/fondo_classes_senior.webp","contentUrl":"https:\/\/www.cejoanmiro.cat\/wp-content\/uploads\/2025\/08\/fondo_classes_senior.webp","width":1920,"height":1282},{"@type":"BreadcrumbList","@id":"https:\/\/www.cejoanmiro.cat\/es\/comunidades\/senior\/#breadcrumb","itemListElement":[{"@type":"ListItem","position":1,"name":"Inici","item":"https:\/\/www.cejoanmiro.cat\/es\/home-3\/"},{"@type":"ListItem","position":2,"name":"Comunidades","item":"https:\/\/www.cejoanmiro.cat\/es\/comunidades\/"},{"@type":"ListItem","position":3,"name":"Senior"}]},{"@type":"WebSite","@id":"https:\/\/www.cejoanmiro.cat\/es\/#website","url":"https:\/\/www.cejoanmiro.cat\/es\/","name":"CEM Joan Mir\u00f3","description":"El teu gimn\u00e0s a Barcelona","publisher":{"@id":"https:\/\/www.cejoanmiro.cat\/es\/#organization"},"potentialAction":[{"@type":"SearchAction","target":{"@type":"EntryPoint","urlTemplate":"https:\/\/www.cejoanmiro.cat\/es\/?s={search_term_string}"},"query-input":{"@type":"PropertyValueSpecification","valueRequired":true,"valueName":"search_term_string"}}],"inLanguage":"es"},{"@type":"Organization","@id":"https:\/\/www.cejoanmiro.cat\/es\/#organization","name":"CEM Joan Mir\u00f3","url":"https:\/\/www.cejoanmiro.cat\/es\/","logo":{"@type":"ImageObject","inLanguage":"es","@id":"https:\/\/www.cejoanmiro.cat\/es\/#\/schema\/logo\/image\/","url":"https:\/\/www.cejoanmiro.cat\/wp-content\/uploads\/2021\/09\/Icono_cemJoanMiro.png","contentUrl":"https:\/\/www.cejoanmiro.cat\/wp-content\/uploads\/2021\/09\/Icono_cemJoanMiro.png","width":512,"height":512,"caption":"CEM Joan Mir\u00f3"},"image":{"@id":"https:\/\/www.cejoanmiro.cat\/es\/#\/schema\/logo\/image\/"},"sameAs":["https:\/\/facebook.com\/cejoanmiro","https:\/\/x.com\/cejoanmiro","https:\/\/www.instagram.com\/cemjoanmiro\/"]}]}},"_links":{"self":[{"href":"https:\/\/www.cejoanmiro.cat\/es\/wp-json\/wp\/v2\/pages\/18782","targetHints":{"allow":["GET"]}}],"collection":[{"href":"https:\/\/www.cejoanmiro.cat\/es\/wp-json\/wp\/v2\/pages"}],"about":[{"href":"https:\/\/www.cejoanmiro.cat\/es\/wp-json\/wp\/v2\/types\/page"}],"author":[{"embeddable":true,"href":"https:\/\/www.cejoanmiro.cat\/es\/wp-json\/wp\/v2\/users\/7"}],"replies":[{"embeddable":true,"href":"https:\/\/www.cejoanmiro.cat\/es\/wp-json\/wp\/v2\/comments?post=18782"}],"version-history":[{"count":0,"href":"https:\/\/www.cejoanmiro.cat\/es\/wp-json\/wp\/v2\/pages\/18782\/revisions"}],"up":[{"embeddable":true,"href":"https:\/\/www.cejoanmiro.cat\/es\/wp-json\/wp\/v2\/pages\/18799"}],"wp:featuredmedia":[{"embeddable":true,"href":"https:\/\/www.cejoanmiro.cat\/es\/wp-json\/wp\/v2\/media\/18601"}],"wp:attachment":[{"href":"https:\/\/www.cejoanmiro.cat\/es\/wp-json\/wp\/v2\/media?parent=18782"}],"curies":[{"name":"wp","href":"https:\/\/api.w.org\/{rel}","templated":true}]}}